{"id":4011,"date":"2019-10-28T11:19:19","date_gmt":"2019-10-28T11:19:19","guid":{"rendered":"http:\/\/deceuvel.nl\/?page_id=4011"},"modified":"2025-02-26T13:30:33","modified_gmt":"2025-02-26T12:30:33","slug":"organisatie","status":"publish","type":"page","link":"https:\/\/deceuvel.nl\/nl\/organisatie\/","title":{"rendered":"Organisatie"},"content":{"rendered":"<p><strong><br><\/strong><\/p>\n\n\n\n<div class=\"wp-block-stackable-text stk-block-text stk-block stk-5833521\" data-block-id=\"5833521\"><style>.stk-5833521 {margin-bottom:50px !important;}.stk-5833521 .stk-block-text__text{font-size:27px !important;font-weight:100 !important;font-style:italic !important;font-family:\"Raleway\", Sans-serif !important;}@media screen and (max-width: 1023px){.stk-5833521 .stk-block-text__text{font-size:27px !important;}}<\/style><p class=\"stk-block-text__text has-text-align-center\">&#8220;De Ceuvel is co\u00f6peratief gebouwd en wordt gezamenlijk beheerd door een ide\u00eble Vereniging van huurders. We werken dan ook met een gekozen en vrijwillig bestuur. Het bestuur van Vereniging de Ceuvel beheert het terrein, de contacten met de verschillende huurders en de externe contacten met gemeente, partners en anderen.&#8221;<\/p><\/div>\n\n\n\n<div class=\"wp-block-stackable-heading stk-block-heading stk-block-heading--v2 stk-block stk-ced9c46\" id=\"br-strong-de-ceuvel-bestaat-uit-de-volgende-onderdelen-br-strong\" data-block-id=\"ced9c46\"><style>.stk-ced9c46 {margin-bottom:0px !important;}<\/style><h3 class=\"stk-block-heading__text\"><br><strong>De Ceuvel bestaat uit de volgende onderdelen<br><\/strong><\/h3><\/div>\n\n\n\n<p><br><strong>De Broedplaats &#8211;&nbsp;<\/strong>14 woonboten op het land worden verhuurd als CAWA ateliers. 1 van deze 14 woonboten, de Workship, wordt tevens gebruikt als multifunctionele studio en ontwikkelt haar eigen cultureel programma.<br><br><strong>Metabolic &#8211; <\/strong>1 woonboot op het land is gebouwd en ontwikkeld door Metabolic, het circulaire consultancy bedrijf dat een groot aandeel heeft gehad in het duurzaamheidsplan van de gehele Ceuvel.<br><br><strong>Asile Flottant &#8211;&nbsp;<\/strong>Het hotel Asile Flottant bestaat uit 1 woonboot op het land (de receptie, tevens te huur voor meetings) en 6 drijvende historische schepen op het water die omgebouwd zijn tot karakteristieke hotelkamers.<br><br><strong>Cafe de Ceuvel &#8211;&nbsp;<\/strong>De horeca gelegenheid Cafe de Ceuvel.<\/p>\n\n\n\n<div class=\"wp-block-stackable-divider stk-block-divider stk-block stk-ec9caf5\" data-block-id=\"ec9caf5\"><style>.stk-ec9caf5 {margin-bottom:50px !important;}<\/style><hr class=\"stk-block-divider__hr\"\/><\/div>\n\n\n\n<div class=\"wp-block-stackable-heading stk-block-heading stk-block-heading--v2 stk-block stk-8fdf5e2\" id=\"strong-de-broedplaats-strong\" data-block-id=\"8fdf5e2\"><h2 class=\"stk-block-heading__text\"><strong>De Broedplaats<\/strong><\/h2><\/div>\n\n\n\n<div class=\"wp-block-stackable-image stk-block-image stk-block stk-bcea6a8\" data-block-id=\"bcea6a8\"><style>.stk-bcea6a8 {margin-bottom:0px !important;}<\/style><figure><span class=\"stk-img-wrapper stk-image--shape-stretch\"><img data-recalc-dims=\"1\" loading=\"lazy\" decoding=\"async\" data-attachment-id=\"13162\" data-permalink=\"https:\/\/deceuvel.nl\/nl\/delva-landsacape-architecture-urbanism-amsterdam-steven-de-ceuvel-buiksloterham-sebastian-van-damme-20210613-3-1200x7332x\/\" data-orig-file=\"https:\/\/i0.wp.com\/deceuvel.nl\/wp-content\/uploads\/2025\/02\/DELVA-Landsacape-Architecture-Urbanism-Amsterdam-Steven-De-Ceuvel-Buiksloterham-Sebastian-Van-Damme-20210613-3-1200x733%402x.jpg?fit=2400%2C1466&amp;ssl=1\" data-orig-size=\"2400,1466\" data-comments-opened=\"0\" data-image-meta=\"{&quot;aperture&quot;:&quot;0&quot;,&quot;credit&quot;:&quot;&quot;,&quot;camera&quot;:&quot;&quot;,&quot;caption&quot;:&quot;&quot;,&quot;created_timestamp&quot;:&quot;0&quot;,&quot;copyright&quot;:&quot;&quot;,&quot;focal_length&quot;:&quot;0&quot;,&quot;iso&quot;:&quot;0&quot;,&quot;shutter_speed&quot;:&quot;0&quot;,&quot;title&quot;:&quot;&quot;,&quot;orientation&quot;:&quot;0&quot;}\" data-image-title=\"DELVA-Landsacape-Architecture-Urbanism-Amsterdam-Steven-De-Ceuvel-Buiksloterham-Sebastian-Van-Damme-20210613-3-1200&amp;#215;733@2x\" data-image-description=\"\" data-image-caption=\"\" data-medium-file=\"https:\/\/i0.wp.com\/deceuvel.nl\/wp-content\/uploads\/2025\/02\/DELVA-Landsacape-Architecture-Urbanism-Amsterdam-Steven-De-Ceuvel-Buiksloterham-Sebastian-Van-Damme-20210613-3-1200x733%402x.jpg?fit=1200%2C733&amp;ssl=1\" data-large-file=\"https:\/\/i0.wp.com\/deceuvel.nl\/wp-content\/uploads\/2025\/02\/DELVA-Landsacape-Architecture-Urbanism-Amsterdam-Steven-De-Ceuvel-Buiksloterham-Sebastian-Van-Damme-20210613-3-1200x733%402x.jpg?fit=840%2C513&amp;ssl=1\" class=\"stk-img wp-image-13162\" src=\"https:\/\/i0.wp.com\/deceuvel.nl\/wp-content\/uploads\/2025\/02\/DELVA-Landsacape-Architecture-Urbanism-Amsterdam-Steven-De-Ceuvel-Buiksloterham-Sebastian-Van-Damme-20210613-3-1200x733%402x.jpg?resize=840%2C513&#038;ssl=1\" width=\"840\" height=\"513\" srcset=\"https:\/\/i0.wp.com\/deceuvel.nl\/wp-content\/uploads\/2025\/02\/DELVA-Landsacape-Architecture-Urbanism-Amsterdam-Steven-De-Ceuvel-Buiksloterham-Sebastian-Van-Damme-20210613-3-1200x733%402x.jpg?w=2400&amp;ssl=1 2400w, https:\/\/i0.wp.com\/deceuvel.nl\/wp-content\/uploads\/2025\/02\/DELVA-Landsacape-Architecture-Urbanism-Amsterdam-Steven-De-Ceuvel-Buiksloterham-Sebastian-Van-Damme-20210613-3-1200x733%402x.jpg?resize=1200%2C733&amp;ssl=1 1200w, https:\/\/i0.wp.com\/deceuvel.nl\/wp-content\/uploads\/2025\/02\/DELVA-Landsacape-Architecture-Urbanism-Amsterdam-Steven-De-Ceuvel-Buiksloterham-Sebastian-Van-Damme-20210613-3-1200x733%402x.jpg?resize=1400%2C855&amp;ssl=1 1400w, https:\/\/i0.wp.com\/deceuvel.nl\/wp-content\/uploads\/2025\/02\/DELVA-Landsacape-Architecture-Urbanism-Amsterdam-Steven-De-Ceuvel-Buiksloterham-Sebastian-Van-Damme-20210613-3-1200x733%402x.jpg?resize=1536%2C938&amp;ssl=1 1536w, https:\/\/i0.wp.com\/deceuvel.nl\/wp-content\/uploads\/2025\/02\/DELVA-Landsacape-Architecture-Urbanism-Amsterdam-Steven-De-Ceuvel-Buiksloterham-Sebastian-Van-Damme-20210613-3-1200x733%402x.jpg?resize=2048%2C1251&amp;ssl=1 2048w, https:\/\/i0.wp.com\/deceuvel.nl\/wp-content\/uploads\/2025\/02\/DELVA-Landsacape-Architecture-Urbanism-Amsterdam-Steven-De-Ceuvel-Buiksloterham-Sebastian-Van-Damme-20210613-3-1200x733%402x.jpg?w=1680&amp;ssl=1 1680w\" sizes=\"auto, (max-width: 709px) 85vw, (max-width: 909px) 67vw, (max-width: 1362px) 62vw, 840px\" \/><\/span><\/figure><\/div>\n\n\n\n<div class=\"wp-block-stackable-text stk-block-text stk-block stk-e41ffb5\" data-block-id=\"e41ffb5\"><style>.stk-e41ffb5 .stk-block-text__text{font-size:12px !important;}@media screen and (max-width: 1023px){.stk-e41ffb5 .stk-block-text__text{font-size:12px !important;}}<\/style><p class=\"stk-block-text__text\">Beeldcredit: DELVA landscape architecture<\/p><\/div>\n\n\n\n<p><br><br><strong>Broedplaats De Ceuvel is tot stand gekomen met een subsidie van Bureau Broedplaatsen van Gemeente Amsterdam en een lening van de Triodos Bank. Met deze financiering is de ruwbouw, de steiger en de infrastructuur aangelegd. <\/strong><\/p>\n\n\n\n<p>De 14 CAWA ateliers worden verhuurd aan in totaal ongeveer 60 huurders.&nbsp;Veel van deze gebruikers hebben voor een groot deel hun eigen ruimtes afgebouwd. Ze zijn veelal werkzaam als freelancers in de creatieve industrie of de duurzaamheidssector. Zo zitten er architecten, filmmakers, ontwerpers en muzikanten, maar ook groene en duurzame stichtingen of bedrijven. In de atelier &amp; studioboot Workship vinden kleinschalige publieksactiviteiten plaats.<br><\/p>\n\n\n\n<p><strong><a href=\"http:\/\/workship.nu\/\">workship.nu<\/a><\/strong><br><strong><a href=\"http:\/\/deceuvel.nl\/nl\/boats\/\">deceuvel.nl\/deboten<\/a><br><a href=\"https:\/\/www.amsterdam.nl\/bestuur-organisatie\/organisaties\/organisaties\/bureau-broedplaatsen\/\">amsterdam.nl\/broedplaatsen<\/a><\/strong><br><\/p>\n\n\n\n<div class=\"wp-block-stackable-divider stk-block-divider stk-block stk-efa7531\" data-block-id=\"efa7531\"><style>.stk-efa7531 {margin-bottom:50px !important;}<\/style><hr class=\"stk-block-divider__hr\"\/><\/div>\n\n\n\n<h2 class=\"wp-block-heading\" data-block-type=\"core\"><strong>Metabolic en Metabolic Lab<\/strong><br> <\/h2>\n\n\n\n<figure class=\"wp-block-image\" data-block-type=\"core\"><img data-recalc-dims=\"1\" loading=\"lazy\" decoding=\"async\" width=\"840\" height=\"368\" data-attachment-id=\"5824\" data-permalink=\"https:\/\/deceuvel.nl\/nl\/organisatie\/mlab-1600x700\/\" data-orig-file=\"https:\/\/i0.wp.com\/deceuvel.nl\/wp-content\/uploads\/2021\/02\/mlab-1600x700-1.jpg?fit=1600%2C700&amp;ssl=1\" data-orig-size=\"1600,700\" data-comments-opened=\"0\" data-image-meta=\"{&quot;aperture&quot;:&quot;0&quot;,&quot;credit&quot;:&quot;&quot;,&quot;camera&quot;:&quot;&quot;,&quot;caption&quot;:&quot;&quot;,&quot;created_timestamp&quot;:&quot;0&quot;,&quot;copyright&quot;:&quot;&quot;,&quot;focal_length&quot;:&quot;0&quot;,&quot;iso&quot;:&quot;0&quot;,&quot;shutter_speed&quot;:&quot;0&quot;,&quot;title&quot;:&quot;&quot;,&quot;orientation&quot;:&quot;0&quot;}\" data-image-title=\"mlab 1600&amp;#215;700\" data-image-description=\"\" data-image-caption=\"\" data-medium-file=\"https:\/\/i0.wp.com\/deceuvel.nl\/wp-content\/uploads\/2021\/02\/mlab-1600x700-1.jpg?fit=600%2C263&amp;ssl=1\" data-large-file=\"https:\/\/i0.wp.com\/deceuvel.nl\/wp-content\/uploads\/2021\/02\/mlab-1600x700-1.jpg?fit=840%2C368&amp;ssl=1\" src=\"https:\/\/i0.wp.com\/deceuvel.nl\/wp-content\/uploads\/2021\/02\/mlab-1600x700-1.jpg?resize=840%2C368&#038;ssl=1\" alt=\"\" class=\"wp-image-5824\" srcset=\"https:\/\/i0.wp.com\/deceuvel.nl\/wp-content\/uploads\/2021\/02\/mlab-1600x700-1.jpg?w=1600&amp;ssl=1 1600w, https:\/\/i0.wp.com\/deceuvel.nl\/wp-content\/uploads\/2021\/02\/mlab-1600x700-1.jpg?resize=600%2C263&amp;ssl=1 600w, https:\/\/i0.wp.com\/deceuvel.nl\/wp-content\/uploads\/2021\/02\/mlab-1600x700-1.jpg?resize=1024%2C448&amp;ssl=1 1024w, https:\/\/i0.wp.com\/deceuvel.nl\/wp-content\/uploads\/2021\/02\/mlab-1600x700-1.jpg?resize=400%2C175&amp;ssl=1 400w, https:\/\/i0.wp.com\/deceuvel.nl\/wp-content\/uploads\/2021\/02\/mlab-1600x700-1.jpg?resize=1536%2C672&amp;ssl=1 1536w, https:\/\/i0.wp.com\/deceuvel.nl\/wp-content\/uploads\/2021\/02\/mlab-1600x700-1.jpg?resize=1200%2C525&amp;ssl=1 1200w\" sizes=\"auto, (max-width: 709px) 85vw, (max-width: 909px) 67vw, (max-width: 1362px) 62vw, 840px\" \/><\/figure>\n\n\n\n<p><\/p>\n\n\n\n<p><strong>Metabolic was bij de oprichting van de Ceuvel actief als duurzaamheidspartner. Ze bouwde een groot deel van de duurzaamheidsoplossingen zelf, samen met de gemeenschap. <\/strong><\/p>\n\n\n\n<p>Met financiering van Stichting DOEN kon het Metabolic Lab gebouwd worden, wat moest gaan dienen als experimentele showcase, en als het kantoor van Metabolic. Inmiddels is het bedrijf uitgegroeid tot een internationaal opererend consultancybureau met kantoren in meerdere landen. Het hoofdkantoor is nu gevestigd om de hoek van de Ceuvel, maar Metabolic is nog veel te vinden op de Ceuvel. Zo voeren ze diverse onderzoeken uit op het terrein en fungeren de duurzaamheidsoplossingen nog altijd als hun visitekaartje. De ruimte Metabolic Lab wordt nu door de Ceuvel gemeenschap gebruikt voor lezingen, documentaire screenings, en meetings en is ook te huur voor externen.<br><br><strong><a href=\"http:\/\/www.metabolic.nl\">metabolic.nl<\/a><br><a href=\"http:\/\/www.metaboliclab.nl\">metaboliclab.nl<\/a><\/strong><\/p>\n\n\n\n<div class=\"wp-block-stackable-divider stk-block-divider stk-block stk-b225c7b\" data-block-id=\"b225c7b\"><style>.stk-b225c7b {margin-bottom:50px !important;}<\/style><hr class=\"stk-block-divider__hr\"\/><\/div>\n\n\n\n<h2 class=\"wp-block-heading\" data-block-type=\"core\"><strong>Asile Flottant en de Crossboat<\/strong><br> <\/h2>\n\n\n\n<div class=\"wp-block-stackable-image stk-block-image stk-block stk-c0d3c9c\" data-block-id=\"c0d3c9c\"><figure><span class=\"stk-img-wrapper stk-image--shape-stretch\"><img data-recalc-dims=\"1\" loading=\"lazy\" decoding=\"async\" data-attachment-id=\"2239\" data-permalink=\"https:\/\/deceuvel.nl\/nl\/boats\/18193188_1516711938381252_6422627357964518899_o\/\" data-orig-file=\"https:\/\/i0.wp.com\/deceuvel.nl\/wp-content\/uploads\/2018\/02\/18193188_1516711938381252_6422627357964518899_o.jpg?fit=1600%2C1067&amp;ssl=1\" data-orig-size=\"1600,1067\" data-comments-opened=\"0\" data-image-meta=\"{&quot;aperture&quot;:&quot;0&quot;,&quot;credit&quot;:&quot;&quot;,&quot;camera&quot;:&quot;&quot;,&quot;caption&quot;:&quot;&quot;,&quot;created_timestamp&quot;:&quot;0&quot;,&quot;copyright&quot;:&quot;&quot;,&quot;focal_length&quot;:&quot;0&quot;,&quot;iso&quot;:&quot;0&quot;,&quot;shutter_speed&quot;:&quot;0&quot;,&quot;title&quot;:&quot;&quot;,&quot;orientation&quot;:&quot;0&quot;}\" data-image-title=\"Asile Flottant\" data-image-description=\"\" data-image-caption=\"\" data-medium-file=\"https:\/\/i0.wp.com\/deceuvel.nl\/wp-content\/uploads\/2018\/02\/18193188_1516711938381252_6422627357964518899_o.jpg?fit=600%2C400&amp;ssl=1\" data-large-file=\"https:\/\/i0.wp.com\/deceuvel.nl\/wp-content\/uploads\/2018\/02\/18193188_1516711938381252_6422627357964518899_o.jpg?fit=840%2C560&amp;ssl=1\" class=\"stk-img wp-image-2239\" src=\"https:\/\/i0.wp.com\/deceuvel.nl\/wp-content\/uploads\/2018\/02\/18193188_1516711938381252_6422627357964518899_o.jpg?resize=840%2C560&#038;ssl=1\" width=\"840\" height=\"560\" srcset=\"https:\/\/i0.wp.com\/deceuvel.nl\/wp-content\/uploads\/2018\/02\/18193188_1516711938381252_6422627357964518899_o.jpg?w=1600&amp;ssl=1 1600w, https:\/\/i0.wp.com\/deceuvel.nl\/wp-content\/uploads\/2018\/02\/18193188_1516711938381252_6422627357964518899_o.jpg?resize=600%2C400&amp;ssl=1 600w, https:\/\/i0.wp.com\/deceuvel.nl\/wp-content\/uploads\/2018\/02\/18193188_1516711938381252_6422627357964518899_o.jpg?resize=1024%2C683&amp;ssl=1 1024w, https:\/\/i0.wp.com\/deceuvel.nl\/wp-content\/uploads\/2018\/02\/18193188_1516711938381252_6422627357964518899_o.jpg?resize=1200%2C800&amp;ssl=1 1200w\" sizes=\"auto, (max-width: 709px) 85vw, (max-width: 909px) 67vw, (max-width: 1362px) 62vw, 840px\" \/><\/span><\/figure><\/div>\n\n\n\n<p><strong>De Crossboat is ontworpen en gebouwd door Space&amp;Matter en Woodies At Berlin.<\/strong> Space&amp;Matter is het architectenbureau dat een van de initiatiefnemers was van het project de Ceuvel en nu oa. werkt aan Schoonschip en het stedenbouwkundige plan van Amsterdam-Noord. Woodies At Berlin verbouwd in hun loods op de NDSM schepen tot woonboten en bijna alle boten van de Ceuvel hebben op hun scheepshelling gelegen. Woodies is tevens initiatiefnemer en eigenaar van Asile Flottant, het drijvende hotel van de Ceuvel. De 6 historische schepen achter het hek van Asile herbergen binnen prachtige kamers.<br><br><strong><a href=\"http:\/\/www.spaceandmatter.nl\/\">spaceandmatter.nl<\/a><br><a href=\"https:\/\/www.woodiesatberlin.nl\/\">woodiesatberlin.nl<\/a><\/strong><br><strong><a href=\"https:\/\/www.asileflottant.com\/\">asileflottant.com<\/a><\/strong><\/p>\n\n\n\n<div class=\"wp-block-stackable-divider stk-block-divider stk-block stk-587078c\" data-block-id=\"587078c\"><style>.stk-587078c {margin-bottom:50px !important;}<\/style><hr class=\"stk-block-divider__hr\"\/><\/div>\n\n\n\n<h2 class=\"wp-block-heading\" data-block-type=\"core\"><strong>Cafe de Ceuvel<\/strong><\/h2>\n\n\n\n<figure class=\"wp-block-image\" data-block-type=\"core\"><img data-recalc-dims=\"1\" loading=\"lazy\" decoding=\"async\" width=\"840\" height=\"368\" data-attachment-id=\"5822\" data-permalink=\"https:\/\/deceuvel.nl\/nl\/organisatie\/cafe-1600x700\/\" data-orig-file=\"https:\/\/i0.wp.com\/deceuvel.nl\/wp-content\/uploads\/2021\/02\/cafe-1600x700-1.jpg?fit=1600%2C700&amp;ssl=1\" data-orig-size=\"1600,700\" data-comments-opened=\"0\" data-image-meta=\"{&quot;aperture&quot;:&quot;0&quot;,&quot;credit&quot;:&quot;&quot;,&quot;camera&quot;:&quot;&quot;,&quot;caption&quot;:&quot;&quot;,&quot;created_timestamp&quot;:&quot;0&quot;,&quot;copyright&quot;:&quot;&quot;,&quot;focal_length&quot;:&quot;0&quot;,&quot;iso&quot;:&quot;0&quot;,&quot;shutter_speed&quot;:&quot;0&quot;,&quot;title&quot;:&quot;&quot;,&quot;orientation&quot;:&quot;0&quot;}\" data-image-title=\"cafe 1600&amp;#215;700\" data-image-description=\"\" data-image-caption=\"\" data-medium-file=\"https:\/\/i0.wp.com\/deceuvel.nl\/wp-content\/uploads\/2021\/02\/cafe-1600x700-1.jpg?fit=600%2C263&amp;ssl=1\" data-large-file=\"https:\/\/i0.wp.com\/deceuvel.nl\/wp-content\/uploads\/2021\/02\/cafe-1600x700-1.jpg?fit=840%2C368&amp;ssl=1\" src=\"https:\/\/i0.wp.com\/deceuvel.nl\/wp-content\/uploads\/2021\/02\/cafe-1600x700-1.jpg?resize=840%2C368&#038;ssl=1\" alt=\"\" class=\"wp-image-5822\" srcset=\"https:\/\/i0.wp.com\/deceuvel.nl\/wp-content\/uploads\/2021\/02\/cafe-1600x700-1.jpg?w=1600&amp;ssl=1 1600w, https:\/\/i0.wp.com\/deceuvel.nl\/wp-content\/uploads\/2021\/02\/cafe-1600x700-1.jpg?resize=600%2C263&amp;ssl=1 600w, https:\/\/i0.wp.com\/deceuvel.nl\/wp-content\/uploads\/2021\/02\/cafe-1600x700-1.jpg?resize=1024%2C448&amp;ssl=1 1024w, https:\/\/i0.wp.com\/deceuvel.nl\/wp-content\/uploads\/2021\/02\/cafe-1600x700-1.jpg?resize=400%2C175&amp;ssl=1 400w, https:\/\/i0.wp.com\/deceuvel.nl\/wp-content\/uploads\/2021\/02\/cafe-1600x700-1.jpg?resize=1536%2C672&amp;ssl=1 1536w, https:\/\/i0.wp.com\/deceuvel.nl\/wp-content\/uploads\/2021\/02\/cafe-1600x700-1.jpg?resize=1200%2C525&amp;ssl=1 1200w\" sizes=\"auto, (max-width: 709px) 85vw, (max-width: 909px) 67vw, (max-width: 1362px) 62vw, 840px\" \/><\/figure>\n\n\n\n<p><br><strong>De horecagelegenheid ligt in het hart van de Ceuvel en is de voornaamste publiekstrekker. In eerste instantie bedoeld als kantine van de broedplaats, groeide het Caf\u00e9 uit tot een van de meest toonaangevende horecaplekken van de stad en staat wereldwijd bekend als inspiratieplek voor duurzame horeca. <\/strong><\/p>\n\n\n\n<p>Het pand is gebouwd en ontworpen door architect Wouter Valkenier. Het horecabedrijf zelf is opgericht door Toon Maassen en Esmee Jiskoot. In 2020 is het caf\u00e9 overgenomen door Gideon Loerakker, Ren\u00e9 de Boer, Huib Koel en Esther Weller. Het Caf\u00e9 werkt nauw samen met de Vereniging en neemt de leiding over een groot deel van de externe communicatie, de organisatie van culturele evenementen en andere publiekszaken.<\/p>\n\n\n\n<div class=\"wp-block-stackable-divider stk-block-divider stk-block stk-4047e9d\" data-block-id=\"4047e9d\"><hr class=\"stk-block-divider__hr\"\/><\/div>\n\n\n\n<div class=\"wp-block-stackable-heading stk-block-heading stk-block-heading--v2 stk-block stk-16464b0\" id=\"strong-br-vereniging-de-ceuvel-strong-br\" data-block-id=\"16464b0\"><h2 class=\"stk-block-heading__text\"><strong><br>Vereniging de Ceuvel<\/strong><br><\/h2><\/div>\n\n\n\n<h3 class=\"wp-block-heading\" data-block-type=\"core\"><strong>Beheer<\/strong><\/h3>\n\n\n\n<p>De Ceuvel wordt sinds de oprichting beheerd door Marcel van Wees, van Urban Interior Design, wiens boot aan het plein tevens fungeert als werkplaats van de gemeenschap. Marcel plant de onderhoudswerkzaamheden en zorgt dat alles blijft werken zoals het moet.<br><\/p>\n\n\n\n<div class=\"wp-block-stackable-divider stk-block-divider stk-block stk-72f4bfe\" data-block-id=\"72f4bfe\"><style>.stk-72f4bfe {margin-bottom:50px !important;}<\/style><hr class=\"stk-block-divider__hr\"\/><\/div>\n\n\n\n<h3 class=\"wp-block-heading\" data-block-type=\"core\"><strong><br>Zuiverend Park<\/strong><\/h3>\n\n\n\n<p>Het Zuiverende Park is ontworpen en bedacht door Delva Landschapsarchitecten. Inmiddels wordt het project beheerd door landschapsarchitect Anke Wijnja van Bureau Fonkel en een groep vrijwilligers.<br><br><strong><a href=\"https:\/\/delva.la\/\">delva.la<\/a><br><a href=\"http:\/\/www.bureaufonkel.nl\/\">bureaufonkel.nl<\/a><\/strong><\/p>\n\n\n\n<div class=\"wp-block-stackable-divider stk-block-divider stk-block stk-f0a25c9\" data-block-id=\"f0a25c9\"><style>.stk-f0a25c9 {margin-bottom:50px !important;}<\/style><hr class=\"stk-block-divider__hr\"\/><\/div>\n\n\n\n<h3 class=\"wp-block-heading\" data-block-type=\"core\"><strong><br>Het Bestuur<\/strong><\/h3>\n\n\n\n<p>De Ceuvel houdt 4x per jaar een ALV (Algemene Leden Vergadering). Jaarlijks wordt een vrijwillig bestuur gekozen uit de leden. Het bestuur komt eens per 2 weken samen voor een bestuursvergadering.<\/p>\n\n\n\n<div class=\"wp-block-stackable-text stk-block-text stk-block stk-b157a1a\" data-block-id=\"b157a1a\"><style>.stk-b157a1a .stk-block-text__text{font-weight:400 !important;font-family:\"Raleway\", Sans-serif !important;}<\/style><p class=\"stk-block-text__text\"><strong><br>Huidig bestuur &#8211; sinds Mei 2022&nbsp;<\/strong><br><br>Voorzitter: Johannes van den Akker<br>Penningmeester: Gideon Loerakker<br>Secretaris: Suzan Doodeman<\/p><\/div>\n\n\n\n<p><strong>Voorgaande besturen<\/strong><br><br>Oprichting begin 2013: Sascha Glasl, Marjolein Smeele, Jeroen Apers<br>Juni 2014 &#8211; april 2015: Sascha Glasl, Jeroen Apers, Berith Danse<br>April 2015 &#8211; april 2016: Remco Moen Marcar, Cynthia Mooij, Jeroen Apers, Toon Maassen, Daan Dijkstra<br>April 2016 &#8211; januari 2019: Chandar van der Zande, Esmee Jiskoot, Jos de Krieger<br>Januari 2019 &#8211; Januari 2021: Tycho Hellinga, Jeroen Pieterse, Sarah Milo<\/p>\n\n\n\n<div class=\"wp-block-stackable-divider stk-block-divider stk-block stk-40fec97\" data-block-id=\"40fec97\"><style>.stk-40fec97 {margin-bottom:50px !important;}<\/style><hr class=\"stk-block-divider__hr\"\/><\/div>\n\n\n\n<h2 class=\"wp-block-heading\" data-block-type=\"core\"><strong>Jaarverslagen<\/strong><\/h2>\n\n\n\n<p>Ieder jaar brengen wij een jaarverslag uit<br>Hieronder kan je ze downloaden in PDF vorm:<\/p>\n\n\n\n<div class=\"wp-block-stackable-columns stk-block-columns stk-block stk-be638e7\" data-block-id=\"be638e7\"><div class=\"stk-row stk-inner-blocks stk-block-content stk-content-align stk-be638e7-column\">\n<div class=\"wp-block-stackable-column stk-block-column stk-column stk-block stk-e133192\" data-v=\"4\" data-block-id=\"e133192\"><div class=\"stk-column-wrapper stk-block-column__content stk-container stk-e133192-container stk--no-background stk--no-padding\"><div class=\"stk-block-content stk-inner-blocks stk-e133192-inner-blocks\">\n<ul class=\"wp-block-list\" data-block-type=\"core\">\n<li data-block-type=\"core\"><strong><a href=\"http:\/\/deceuvel.nl\/wp-content\/uploads\/2022\/09\/WTK-jaarverslag-2020-2021_schermversie.pdf\" target=\"_blank\" rel=\"noreferrer noopener\">2020&amp;2021<\/a><\/strong><\/li>\n\n\n\n<li data-block-type=\"core\"><strong><a href=\"https:\/\/deceuvel.nl\/nl\/jaarverslag-2019\/\">2019<\/a><\/strong><\/li>\n\n\n\n<li data-block-type=\"core\"><strong><a href=\"http:\/\/deceuvel.nl\/wp-content\/uploads\/2019\/11\/CEUV042-DOtk-Jaarverslag-2018_compressed.pdf\">2018<\/a><\/strong><\/li>\n<\/ul>\n<\/div><\/div><\/div>\n\n\n\n<div class=\"wp-block-stackable-column stk-block-column stk-column stk-block stk-58e574b\" data-v=\"4\" data-block-id=\"58e574b\"><div class=\"stk-column-wrapper stk-block-column__content stk-container stk-58e574b-container stk--no-background stk--no-padding\"><div class=\"stk-block-content stk-inner-blocks stk-58e574b-inner-blocks\">\n<ul class=\"wp-block-list\" data-block-type=\"core\">\n<li data-block-type=\"core\"><strong><a href=\"http:\/\/deceuvel.nl\/wp-content\/uploads\/2019\/03\/CEUV039-WTK-jaarverslag-2017_LR.pdf\">2017<\/a><\/strong><\/li>\n\n\n\n<li data-block-type=\"core\"><strong><a href=\"http:\/\/deceuvel.nl\/wp-content\/uploads\/2019\/03\/CEUV035-VO-Jaarverslag-2016.pdf\">2016<\/a><\/strong><\/li>\n\n\n\n<li data-block-type=\"core\"><strong><a href=\"http:\/\/deceuvel.nl\/wp-content\/uploads\/2019\/03\/Ceuvel-Jaarverslag-2015-compressed.pdf\">2015<\/a><\/strong><\/li>\n\n\n\n<li data-block-type=\"core\"><strong><a href=\"http:\/\/deceuvel.nl\/wp-content\/uploads\/2019\/03\/De-Ceuvel-Jaarverslag-2014-1.pdf\">2014<\/a><\/strong><\/li>\n<\/ul>\n<\/div><\/div><\/div>\n<\/div><\/div>\n\n\n\n<p><\/p>","protected":false},"excerpt":{"rendered":"<p>&#8220;De Ceuvel is co\u00f6peratief gebouwd en wordt gezamenlijk beheerd door een ide\u00eble Vereniging van huurders. We werken dan ook met een gekozen en vrijwillig bestuur. Het bestuur van Vereniging de Ceuvel beheert het terrein, de contacten met de verschillende huurders en de externe contacten met gemeente, partners en anderen.&#8221; De Ceuvel bestaat uit de volgende &hellip; <a href=\"https:\/\/deceuvel.nl\/nl\/organisatie\/\" class=\"more-link\">Continue reading<span class=\"screen-reader-text\"> &#8220;Organisatie&#8221;<\/span><\/a><\/p>\n","protected":false},"author":1,"featured_media":6573,"parent":0,"menu_order":13,"comment_status":"closed","ping_status":"closed","template":"","meta":{"_acf_changed":false,"advanced_seo_description":"","jetpack_seo_html_title":"","jetpack_seo_noindex":false,"footnotes":""},"class_list":["post-4011","page","type-page","status-publish","has-post-thumbnail","hentry"],"acf":[],"featured_image_urls_v2":{"full":["https:\/\/i0.wp.com\/deceuvel.nl\/wp-content\/uploads\/2021\/06\/36784201453_7af3f5278f_k.jpg?fit=2048%2C1365&ssl=1",2048,1365,false],"thumbnail":["https:\/\/i0.wp.com\/deceuvel.nl\/wp-content\/uploads\/2021\/06\/36784201453_7af3f5278f_k.jpg?resize=400%2C267&ssl=1",400,267,true],"medium":["https:\/\/i0.wp.com\/deceuvel.nl\/wp-content\/uploads\/2021\/06\/36784201453_7af3f5278f_k.jpg?fit=600%2C400&ssl=1",600,400,true],"medium_large":["https:\/\/i0.wp.com\/deceuvel.nl\/wp-content\/uploads\/2021\/06\/36784201453_7af3f5278f_k.jpg?fit=2048%2C1365&ssl=1",2048,1365,true],"large":["https:\/\/i0.wp.com\/deceuvel.nl\/wp-content\/uploads\/2021\/06\/36784201453_7af3f5278f_k.jpg?fit=840%2C560&ssl=1",840,560,true],"1536x1536":["https:\/\/i0.wp.com\/deceuvel.nl\/wp-content\/uploads\/2021\/06\/36784201453_7af3f5278f_k.jpg?fit=1536%2C1024&ssl=1",1536,1024,true],"2048x2048":["https:\/\/i0.wp.com\/deceuvel.nl\/wp-content\/uploads\/2021\/06\/36784201453_7af3f5278f_k.jpg?fit=2048%2C1365&ssl=1",2048,1365,true],"post-thumbnail":["https:\/\/i0.wp.com\/deceuvel.nl\/wp-content\/uploads\/2021\/06\/36784201453_7af3f5278f_k.jpg?fit=1200%2C800&ssl=1",1200,800,true],"fdm-item-thumb":["https:\/\/i0.wp.com\/deceuvel.nl\/wp-content\/uploads\/2021\/06\/36784201453_7af3f5278f_k.jpg?resize=600%2C600&ssl=1",600,600,true]},"post_excerpt_stackable_v2":"<p>&#8220;De Ceuvel is co\u00f6peratief gebouwd en wordt gezamenlijk beheerd door een ide\u00eble Vereniging van huurders. We werken dan ook met een gekozen en vrijwillig bestuur. Het bestuur van Vereniging de Ceuvel beheert het terrein, de contacten met de verschillende huurders en de externe contacten met gemeente, partners en anderen.&#8221; De Ceuvel bestaat uit de volgende onderdelen De Broedplaats &#8211;&nbsp;14 woonboten op het land worden verhuurd als CAWA ateliers. 1 van deze 14 woonboten, de Workship, wordt tevens gebruikt als multifunctionele studio en ontwikkelt haar eigen cultureel programma.Metabolic &#8211; 1 woonboot op het land is gebouwd en ontwikkeld door Metabolic, het&hellip;<\/p>\n","category_list_v2":"","author_info_v2":{"name":"Admin","url":"https:\/\/deceuvel.nl\/nl\/author\/admin\/"},"comments_num_v2":"0 comments","jetpack_sharing_enabled":true,"_links":{"self":[{"href":"https:\/\/deceuvel.nl\/nl\/wp-json\/wp\/v2\/pages\/4011","targetHints":{"allow":["GET"]}}],"collection":[{"href":"https:\/\/deceuvel.nl\/nl\/wp-json\/wp\/v2\/pages"}],"about":[{"href":"https:\/\/deceuvel.nl\/nl\/wp-json\/wp\/v2\/types\/page"}],"author":[{"embeddable":true,"href":"https:\/\/deceuvel.nl\/nl\/wp-json\/wp\/v2\/users\/1"}],"replies":[{"embeddable":true,"href":"https:\/\/deceuvel.nl\/nl\/wp-json\/wp\/v2\/comments?post=4011"}],"version-history":[{"count":0,"href":"https:\/\/deceuvel.nl\/nl\/wp-json\/wp\/v2\/pages\/4011\/revisions"}],"wp:featuredmedia":[{"embeddable":true,"href":"https:\/\/deceuvel.nl\/nl\/wp-json\/wp\/v2\/media\/6573"}],"wp:attachment":[{"href":"https:\/\/deceuvel.nl\/nl\/wp-json\/wp\/v2\/media?parent=4011"}],"curies":[{"name":"wp","href":"https:\/\/api.w.org\/{rel}","templated":true}]}}